{"id":244,"date":"2023-10-31T16:39:11","date_gmt":"2023-10-31T13:39:11","guid":{"rendered":"https:\/\/abc.k12.tr\/?post_type=slider&#038;p=244"},"modified":"2024-11-04T11:21:21","modified_gmt":"2024-11-04T08:21:21","slug":"egitimde-18-yildanfazlasi","status":"publish","type":"slider","link":"https:\/\/abc.k12.tr\/en\/slider\/egitimde-18-yildanfazlasi\/","title":{"rendered":"E\u011e\u0130T\u0130MDE <br><b>19<\/b> Y\u0131ldan<br>Fazlas\u0131&#8230;"},"content":{"rendered":"<div>\n<div>ABC Okullar\u0131, 19 y\u0131ll\u0131k e\u011fitim tecr\u00fcbesi ve ya\u015fam boyu e\u011fitim anlay\u0131\u015f\u0131yla gelece\u011fin bireylerini yeti\u015ftiriyor&#8230;<\/div>\n<\/div>\n","protected":false},"featured_media":246,"parent":0,"template":"","class_list":["post-244","slider","type-slider","status-publish","has-post-thumbnail","hentry","sliderkategori-anadolu-lisesi","sliderkategori-anaokulu","sliderkategori-anasayfa","sliderkategori-batikent-kampusu","sliderkategori-fen-lisesi","sliderkategori-goksu-kampusu","sliderkategori-ilkokul","sliderkategori-lise","sliderkategori-ortaokul","sliderkategori-yetenek-ve-gelisim-akademisi"],"yoast_head":"<!-- This site is optimized with the Yoast SEO plugin v25.7 - https:\/\/yoast.com\/wordpress\/plugins\/seo\/ -->\n<title>E\u011e\u0130T\u0130MDE 19 Y\u0131ldanFazlas\u0131... - ABC Okullar\u0131<\/title>\n<meta name=\"robots\" content=\"index, follow, max-snippet:-1, max-image-preview:large, max-video-preview:-1\" \/>\n<link rel=\"canonical\" href=\"https:\/\/abc.k12.tr\/en\/slider\/egitimde-18-yildanfazlasi\/\" \/>\n<meta property=\"og:locale\" content=\"en_US\" \/>\n<meta property=\"og:type\" content=\"article\" \/>\n<meta property=\"og:title\" content=\"E\u011e\u0130T\u0130MDE 19 Y\u0131ldanFazlas\u0131... - ABC Okullar\u0131\" \/>\n<meta property=\"og:description\" content=\"ABC Okullar\u0131, 19 y\u0131ll\u0131k e\u011fitim tecr\u00fcbesi ve ya\u015fam boyu e\u011fitim anlay\u0131\u015f\u0131yla gelece\u011fin bireylerini yeti\u015ftiriyor&#8230;\" \/>\n<meta property=\"og:url\" content=\"https:\/\/abc.k12.tr\/en\/slider\/egitimde-18-yildanfazlasi\/\" \/>\n<meta property=\"og:site_name\" content=\"ABC Okullar\u0131\" \/>\n<meta property=\"article:publisher\" content=\"https:\/\/www.facebook.com\/abcokullari\" \/>\n<meta property=\"article:modified_time\" content=\"2024-11-04T08:21:21+00:00\" \/>\n<meta property=\"og:image\" content=\"https:\/\/abc.k12.tr\/wp-content\/uploads\/2023\/10\/slider.jpg\" \/>\n\t<meta property=\"og:image:width\" content=\"1024\" \/>\n\t<meta property=\"og:image:height\" content=\"591\" \/>\n\t<meta property=\"og:image:type\" content=\"image\/jpeg\" \/>\n<meta name=\"twitter:card\" content=\"summary_large_image\" \/>\n<meta name=\"twitter:site\" content=\"@abcokullari\" \/>\n<meta name=\"twitter:label1\" content=\"Est. reading time\" \/>\n\t<meta name=\"twitter:data1\" content=\"1 minute\" \/>\n<script type=\"application\/ld+json\" class=\"yoast-schema-graph\">{\"@context\":\"https:\/\/schema.org\",\"@graph\":[{\"@type\":\"WebPage\",\"@id\":\"https:\/\/abc.k12.tr\/slider\/egitimde-18-yildanfazlasi\/\",\"url\":\"https:\/\/abc.k12.tr\/slider\/egitimde-18-yildanfazlasi\/\",\"name\":\"E\u011e\u0130T\u0130MDE 19 Y\u0131ldan Fazlas\u0131... - ABC Okullar\u0131\",\"isPartOf\":{\"@id\":\"https:\/\/abc.k12.tr\/#website\"},\"primaryImageOfPage\":{\"@id\":\"https:\/\/abc.k12.tr\/slider\/egitimde-18-yildanfazlasi\/#primaryimage\"},\"image\":{\"@id\":\"https:\/\/abc.k12.tr\/slider\/egitimde-18-yildanfazlasi\/#primaryimage\"},\"thumbnailUrl\":\"https:\/\/abc.k12.tr\/wp-content\/uploads\/2023\/10\/slider.jpg\",\"datePublished\":\"2023-10-31T13:39:11+00:00\",\"dateModified\":\"2024-11-04T08:21:21+00:00\",\"breadcrumb\":{\"@id\":\"https:\/\/abc.k12.tr\/slider\/egitimde-18-yildanfazlasi\/#breadcrumb\"},\"inLanguage\":\"en-US\",\"potentialAction\":[{\"@type\":\"ReadAction\",\"target\":[\"https:\/\/abc.k12.tr\/slider\/egitimde-18-yildanfazlasi\/\"]}]},{\"@type\":\"ImageObject\",\"inLanguage\":\"en-US\",\"@id\":\"https:\/\/abc.k12.tr\/slider\/egitimde-18-yildanfazlasi\/#primaryimage\",\"url\":\"https:\/\/abc.k12.tr\/wp-content\/uploads\/2023\/10\/slider.jpg\",\"contentUrl\":\"https:\/\/abc.k12.tr\/wp-content\/uploads\/2023\/10\/slider.jpg\",\"width\":7585,\"height\":4375},{\"@type\":\"BreadcrumbList\",\"@id\":\"https:\/\/abc.k12.tr\/slider\/egitimde-18-yildanfazlasi\/#breadcrumb\",\"itemListElement\":[{\"@type\":\"ListItem\",\"position\":1,\"name\":\"Home\",\"item\":\"https:\/\/abc.k12.tr\/\"},{\"@type\":\"ListItem\",\"position\":2,\"name\":\"E\u011e\u0130T\u0130MDE 19 Y\u0131ldanFazlas\u0131&#8230;\"}]},{\"@type\":\"WebSite\",\"@id\":\"https:\/\/abc.k12.tr\/#website\",\"url\":\"https:\/\/abc.k12.tr\/\",\"name\":\"ABC Okullar\u0131\",\"description\":\"E\u011fitimde 20 Y\u0131ldan Fazlas\u0131\",\"publisher\":{\"@id\":\"https:\/\/abc.k12.tr\/#organization\"},\"potentialAction\":[{\"@type\":\"SearchAction\",\"target\":{\"@type\":\"EntryPoint\",\"urlTemplate\":\"https:\/\/abc.k12.tr\/?s={search_term_string}\"},\"query-input\":{\"@type\":\"PropertyValueSpecification\",\"valueRequired\":true,\"valueName\":\"search_term_string\"}}],\"inLanguage\":\"en-US\"},{\"@type\":\"Organization\",\"@id\":\"https:\/\/abc.k12.tr\/#organization\",\"name\":\"ABC Okullar\u0131\",\"url\":\"https:\/\/abc.k12.tr\/\",\"logo\":{\"@type\":\"ImageObject\",\"inLanguage\":\"en-US\",\"@id\":\"https:\/\/abc.k12.tr\/#\/schema\/logo\/image\/\",\"url\":\"https:\/\/abc.k12.tr\/wp-content\/uploads\/2024\/03\/cropped-abclogo-1.png\",\"contentUrl\":\"https:\/\/abc.k12.tr\/wp-content\/uploads\/2024\/03\/cropped-abclogo-1.png\",\"width\":512,\"height\":512,\"caption\":\"ABC Okullar\u0131\"},\"image\":{\"@id\":\"https:\/\/abc.k12.tr\/#\/schema\/logo\/image\/\"},\"sameAs\":[\"https:\/\/www.facebook.com\/abcokullari\",\"https:\/\/x.com\/abcokullari\",\"https:\/\/www.instagram.com\/abckoleji\/\",\"https:\/\/www.linkedin.com\/company\/abcokullari\/\"]}]}<\/script>\n<!-- \/ Yoast SEO plugin. -->","yoast_head_json":{"title":"E\u011e\u0130T\u0130MDE 19 Y\u0131ldanFazlas\u0131... - ABC Okullar\u0131","robots":{"index":"index","follow":"follow","max-snippet":"max-snippet:-1","max-image-preview":"max-image-preview:large","max-video-preview":"max-video-preview:-1"},"canonical":"https:\/\/abc.k12.tr\/en\/slider\/egitimde-18-yildanfazlasi\/","og_locale":"en_US","og_type":"article","og_title":"E\u011e\u0130T\u0130MDE 19 Y\u0131ldanFazlas\u0131... - ABC Okullar\u0131","og_description":"ABC Okullar\u0131, 19 y\u0131ll\u0131k e\u011fitim tecr\u00fcbesi ve ya\u015fam boyu e\u011fitim anlay\u0131\u015f\u0131yla gelece\u011fin bireylerini yeti\u015ftiriyor&#8230;","og_url":"https:\/\/abc.k12.tr\/en\/slider\/egitimde-18-yildanfazlasi\/","og_site_name":"ABC Okullar\u0131","article_publisher":"https:\/\/www.facebook.com\/abcokullari","article_modified_time":"2024-11-04T08:21:21+00:00","og_image":[{"url":"https:\/\/abc.k12.tr\/wp-content\/uploads\/2023\/10\/slider.jpg","width":1024,"height":591,"type":"image\/jpeg"}],"twitter_card":"summary_large_image","twitter_site":"@abcokullari","twitter_misc":{"Est. reading time":"1 minute"},"schema":{"@context":"https:\/\/schema.org","@graph":[{"@type":"WebPage","@id":"https:\/\/abc.k12.tr\/slider\/egitimde-18-yildanfazlasi\/","url":"https:\/\/abc.k12.tr\/slider\/egitimde-18-yildanfazlasi\/","name":"E\u011e\u0130T\u0130MDE 19 Y\u0131ldan Fazlas\u0131... - ABC Okullar\u0131","isPartOf":{"@id":"https:\/\/abc.k12.tr\/#website"},"primaryImageOfPage":{"@id":"https:\/\/abc.k12.tr\/slider\/egitimde-18-yildanfazlasi\/#primaryimage"},"image":{"@id":"https:\/\/abc.k12.tr\/slider\/egitimde-18-yildanfazlasi\/#primaryimage"},"thumbnailUrl":"https:\/\/abc.k12.tr\/wp-content\/uploads\/2023\/10\/slider.jpg","datePublished":"2023-10-31T13:39:11+00:00","dateModified":"2024-11-04T08:21:21+00:00","breadcrumb":{"@id":"https:\/\/abc.k12.tr\/slider\/egitimde-18-yildanfazlasi\/#breadcrumb"},"inLanguage":"en-US","potentialAction":[{"@type":"ReadAction","target":["https:\/\/abc.k12.tr\/slider\/egitimde-18-yildanfazlasi\/"]}]},{"@type":"ImageObject","inLanguage":"en-US","@id":"https:\/\/abc.k12.tr\/slider\/egitimde-18-yildanfazlasi\/#primaryimage","url":"https:\/\/abc.k12.tr\/wp-content\/uploads\/2023\/10\/slider.jpg","contentUrl":"https:\/\/abc.k12.tr\/wp-content\/uploads\/2023\/10\/slider.jpg","width":7585,"height":4375},{"@type":"BreadcrumbList","@id":"https:\/\/abc.k12.tr\/slider\/egitimde-18-yildanfazlasi\/#breadcrumb","itemListElement":[{"@type":"ListItem","position":1,"name":"Home","item":"https:\/\/abc.k12.tr\/"},{"@type":"ListItem","position":2,"name":"E\u011e\u0130T\u0130MDE 19 Y\u0131ldanFazlas\u0131&#8230;"}]},{"@type":"WebSite","@id":"https:\/\/abc.k12.tr\/#website","url":"https:\/\/abc.k12.tr\/","name":"ABC Okullar\u0131","description":"E\u011fitimde 20 Y\u0131ldan Fazlas\u0131","publisher":{"@id":"https:\/\/abc.k12.tr\/#organization"},"potentialAction":[{"@type":"SearchAction","target":{"@type":"EntryPoint","urlTemplate":"https:\/\/abc.k12.tr\/?s={search_term_string}"},"query-input":{"@type":"PropertyValueSpecification","valueRequired":true,"valueName":"search_term_string"}}],"inLanguage":"en-US"},{"@type":"Organization","@id":"https:\/\/abc.k12.tr\/#organization","name":"ABC Okullar\u0131","url":"https:\/\/abc.k12.tr\/","logo":{"@type":"ImageObject","inLanguage":"en-US","@id":"https:\/\/abc.k12.tr\/#\/schema\/logo\/image\/","url":"https:\/\/abc.k12.tr\/wp-content\/uploads\/2024\/03\/cropped-abclogo-1.png","contentUrl":"https:\/\/abc.k12.tr\/wp-content\/uploads\/2024\/03\/cropped-abclogo-1.png","width":512,"height":512,"caption":"ABC Okullar\u0131"},"image":{"@id":"https:\/\/abc.k12.tr\/#\/schema\/logo\/image\/"},"sameAs":["https:\/\/www.facebook.com\/abcokullari","https:\/\/x.com\/abcokullari","https:\/\/www.instagram.com\/abckoleji\/","https:\/\/www.linkedin.com\/company\/abcokullari\/"]}]}},"_links":{"self":[{"href":"https:\/\/abc.k12.tr\/en\/wp-json\/wp\/v2\/slider\/244","targetHints":{"allow":["GET"]}}],"collection":[{"href":"https:\/\/abc.k12.tr\/en\/wp-json\/wp\/v2\/slider"}],"about":[{"href":"https:\/\/abc.k12.tr\/en\/wp-json\/wp\/v2\/types\/slider"}],"wp:featuredmedia":[{"embeddable":true,"href":"https:\/\/abc.k12.tr\/en\/wp-json\/wp\/v2\/media\/246"}],"wp:attachment":[{"href":"https:\/\/abc.k12.tr\/en\/wp-json\/wp\/v2\/media?parent=244"}],"curies":[{"name":"wp","href":"https:\/\/api.w.org\/{rel}","templated":true}]}}